{"id":646,"date":"2022-12-12T09:28:14","date_gmt":"2022-12-12T08:28:14","guid":{"rendered":"http:\/\/www.stefanweninger.com\/wp-blog\/?page_id=646"},"modified":"2025-07-05T09:48:46","modified_gmt":"2025-07-05T07:48:46","slug":"exhibitions","status":"publish","type":"page","link":"https:\/\/www.stefanweninger.com\/wp-blog\/","title":{"rendered":"EXHIBITIONS"},"content":{"rendered":"\n<p><strong>DRAUSSEN in der Galerie der Kunstschaffenden im O\u00d6 Kulturquartier, Linz von 29. November bis 21. Dezember 2022.<\/strong><\/p>\n\n\n\n<figure class=\"wp-block-image aligncenter size-full\"><img loading=\"lazy\" decoding=\"async\" width=\"916\" height=\"916\" src=\"http:\/\/www.stefanweninger.com\/wp-blog\/wp-content\/uploads\/2022\/12\/StefanWeninger-AusstellungsansichtDraussen-HausAusAesten.jpg\" alt=\"\" class=\"wp-image-1007\" srcset=\"https:\/\/www.stefanweninger.com\/wp-blog\/wp-content\/uploads\/2022\/12\/StefanWeninger-AusstellungsansichtDraussen-HausAusAesten.jpg 916w, https:\/\/www.stefanweninger.com\/wp-blog\/wp-content\/uploads\/2022\/12\/StefanWeninger-AusstellungsansichtDraussen-HausAusAesten-300x300.jpg 300w, https:\/\/www.stefanweninger.com\/wp-blog\/wp-content\/uploads\/2022\/12\/StefanWeninger-AusstellungsansichtDraussen-HausAusAesten-150x150.jpg 150w, https:\/\/www.stefanweninger.com\/wp-blog\/wp-content\/uploads\/2022\/12\/StefanWeninger-AusstellungsansichtDraussen-HausAusAesten-768x768.jpg 768w\" sizes=\"auto, (max-width: 916px) 100vw, 916px\" \/><\/figure>\n\n\n\n<p class=\"has-text-align-left\">Fotografie (handmade C-Print) &#8222;Haus aus \u00c4sten&#8220;, 30.5 x 30.5 cm, gerahmt.<\/p>\n\n\n\n<div style=\"height:100px\" aria-hidden=\"true\" class=\"wp-block-spacer\"><\/div>\n\n\n\n<p><strong>SCHNITT + MONTAGE in der Galerie der Kunstschaffenden im O\u00d6 Kulturquartier, Linz von 28. Juni bis 15. Juli 2022<\/strong><\/p>\n\n\n\n<figure class=\"wp-block-image size-large\"><img loading=\"lazy\" decoding=\"async\" width=\"862\" height=\"1024\" src=\"http:\/\/www.stefanweninger.com\/wp-blog\/wp-content\/uploads\/2024\/06\/2022_SchnittMontage_58_web2-862x1024.jpg\" alt=\"\" class=\"wp-image-1052\" srcset=\"https:\/\/www.stefanweninger.com\/wp-blog\/wp-content\/uploads\/2024\/06\/2022_SchnittMontage_58_web2-862x1024.jpg 862w, https:\/\/www.stefanweninger.com\/wp-blog\/wp-content\/uploads\/2024\/06\/2022_SchnittMontage_58_web2-253x300.jpg 253w, https:\/\/www.stefanweninger.com\/wp-blog\/wp-content\/uploads\/2024\/06\/2022_SchnittMontage_58_web2-768x912.jpg 768w, https:\/\/www.stefanweninger.com\/wp-blog\/wp-content\/uploads\/2024\/06\/2022_SchnittMontage_58_web2.jpg 1216w\" sizes=\"auto, (max-width: 862px) 100vw, 862px\" \/><\/figure>\n\n\n\n<p>Fotografie (handmade Gelatin Silver Print) &#8222;Deike mit Lichtquadraten&#8220;, 50.8 x 61 cm, gerahmt.<\/p>\n\n\n\n<div style=\"height:100px\" aria-hidden=\"true\" class=\"wp-block-spacer\"><\/div>\n\n\n\n<p><strong>FOTOGRAFIE in der &#8222;art bv Berchtoldvilla&#8220; in Salzburg von 9.11 bis 19.12. 2019.<\/strong><\/p>\n\n\n\n<figure class=\"wp-block-image size-large\"><img loading=\"lazy\" decoding=\"async\" width=\"1024\" height=\"768\" src=\"http:\/\/www.stefanweninger.com\/wp-blog\/wp-content\/uploads\/2022\/12\/AusstellungsAnsichtFotografieBerchtoldvilla2019-1024x768.jpg\" alt=\"\" class=\"wp-image-649\" srcset=\"https:\/\/www.stefanweninger.com\/wp-blog\/wp-content\/uploads\/2022\/12\/AusstellungsAnsichtFotografieBerchtoldvilla2019-1024x768.jpg 1024w, https:\/\/www.stefanweninger.com\/wp-blog\/wp-content\/uploads\/2022\/12\/AusstellungsAnsichtFotografieBerchtoldvilla2019-300x225.jpg 300w, https:\/\/www.stefanweninger.com\/wp-blog\/wp-content\/uploads\/2022\/12\/AusstellungsAnsichtFotografieBerchtoldvilla2019-768x576.jpg 768w, https:\/\/www.stefanweninger.com\/wp-blog\/wp-content\/uploads\/2022\/12\/AusstellungsAnsichtFotografieBerchtoldvilla2019-1536x1152.jpg 1536w, https:\/\/www.stefanweninger.com\/wp-blog\/wp-content\/uploads\/2022\/12\/AusstellungsAnsichtFotografieBerchtoldvilla2019-2048x1536.jpg 2048w, https:\/\/www.stefanweninger.com\/wp-blog\/wp-content\/uploads\/2022\/12\/AusstellungsAnsichtFotografieBerchtoldvilla2019-1568x1176.jpg 1568w\" sizes=\"auto, (max-width: 1024px) 100vw, 1024px\" \/><\/figure>\n\n\n\n<p>Fotografien &#8222;Volksfeststra\u00dfe&#8220; aus der Serie &#8222;Speaking Legs&#8220; (Portrait Unten); 10 Handabz\u00fcge (C-Prints), je 20.3 x 25.4 cm, gerahmt.<\/p>\n\n\n\n<div style=\"height:100px\" aria-hidden=\"true\" class=\"wp-block-spacer\"><\/div>\n\n\n\n<p><strong>LOVE AFFAIRS in der &#8222;art bv Berchtoldvilla&#8220; in Salzburg von 11. Juli bis 20. August 2020<\/strong><\/p>\n\n\n\n<figure class=\"wp-block-image size-full\"><img loading=\"lazy\" decoding=\"async\" width=\"900\" height=\"675\" src=\"http:\/\/www.stefanweninger.com\/wp-blog\/wp-content\/uploads\/2022\/12\/2020-ExhibitionView-LoveAffairs-2.jpg\" alt=\"\" class=\"wp-image-665\" srcset=\"https:\/\/www.stefanweninger.com\/wp-blog\/wp-content\/uploads\/2022\/12\/2020-ExhibitionView-LoveAffairs-2.jpg 900w, https:\/\/www.stefanweninger.com\/wp-blog\/wp-content\/uploads\/2022\/12\/2020-ExhibitionView-LoveAffairs-2-300x225.jpg 300w, https:\/\/www.stefanweninger.com\/wp-blog\/wp-content\/uploads\/2022\/12\/2020-ExhibitionView-LoveAffairs-2-768x576.jpg 768w\" sizes=\"auto, (max-width: 900px) 100vw, 900px\" \/><\/figure>\n\n\n\n<p>Fotografie (handmade Gelatin Silver Print) &#8222;Shoe Love&#8220;, 40.6 x 30.5 cm, gerahmt<\/p>\n\n\n\n<div style=\"height:100px\" aria-hidden=\"true\" class=\"wp-block-spacer\"><\/div>\n\n\n\n<p><strong>RESEARCH SPACES in der Galerie der Kunstschaffenden im O\u00d6 Kulturquartier von 4. bis 26. September 2018.<\/strong><\/p>\n\n\n\n<figure class=\"wp-block-image size-large\"><img loading=\"lazy\" decoding=\"async\" width=\"1024\" height=\"768\" src=\"http:\/\/www.stefanweninger.com\/wp-blog\/wp-content\/uploads\/2022\/12\/DSCN0067_corr_web-1024x768.jpg\" alt=\"\" class=\"wp-image-697\" srcset=\"https:\/\/www.stefanweninger.com\/wp-blog\/wp-content\/uploads\/2022\/12\/DSCN0067_corr_web-1024x768.jpg 1024w, https:\/\/www.stefanweninger.com\/wp-blog\/wp-content\/uploads\/2022\/12\/DSCN0067_corr_web-300x225.jpg 300w, https:\/\/www.stefanweninger.com\/wp-blog\/wp-content\/uploads\/2022\/12\/DSCN0067_corr_web-768x576.jpg 768w, https:\/\/www.stefanweninger.com\/wp-blog\/wp-content\/uploads\/2022\/12\/DSCN0067_corr_web.jpg 1200w\" sizes=\"auto, (max-width: 1024px) 100vw, 1024px\" \/><\/figure>\n\n\n\n<p>Links: Faltbogen &#8222;Portrait Unten 2005 &#8211; 2015&#8220; ca. 85 x 62 cm, rechts: Fotografien (C-Print) &#8222;Swedish Quicksand&#8220;, je 30.5 x 30.5 cm, gerahmt. <\/p>\n\n\n\n<div style=\"height:100px\" aria-hidden=\"true\" class=\"wp-block-spacer\"><\/div>\n\n\n\n<p><strong>&#8222;A JOYFUL I\/EYE from 23rd of October to 4th of November at the &#8222;bartcelona gallery&#8220;, Belgrade.<\/strong><\/p>\n\n\n\n<div class=\"wp-block-responsive-lightbox-gallery\"><div class=\"rl-gallery-container rl-loading\" id=\"rl-gallery-container-1\" data-gallery_id=\"1038\"> <div class=\"rl-gallery rl-basicgrid-gallery \" id=\"rl-gallery-1\" data-gallery_no=\"1\"> <div class=\"rl-gallery-item\"><a href=\"https:\/\/www.stefanweninger.com\/wp-blog\/wp-content\/uploads\/2024\/06\/INVITATION.jpg\" title=\"\" data-rl_title=\"\" class=\"rl-gallery-link\" data-rl_caption=\"\" data-rel=\"lightbox-gallery-1\"><img loading=\"lazy\" decoding=\"async\" src=\"https:\/\/www.stefanweninger.com\/wp-blog\/wp-content\/uploads\/2024\/06\/INVITATION.jpg\" width=\"728\" height=\"343\" alt=\"\"\/><\/a><\/div><div class=\"rl-gallery-item\"><a href=\"https:\/\/www.stefanweninger.com\/wp-blog\/wp-content\/uploads\/2024\/06\/0361c0_646e5a1c8ce2410da8763efecfbbeb88mv2.jpg\" title=\"\" data-rl_title=\"\" class=\"rl-gallery-link\" data-rl_caption=\"\" data-rel=\"lightbox-gallery-1\"><img loading=\"lazy\" decoding=\"async\" src=\"https:\/\/www.stefanweninger.com\/wp-blog\/wp-content\/uploads\/2024\/06\/0361c0_646e5a1c8ce2410da8763efecfbbeb88mv2.jpg\" width=\"697\" height=\"462\" alt=\"\"\/><\/a><\/div><div class=\"rl-gallery-item\"><a href=\"https:\/\/www.stefanweninger.com\/wp-blog\/wp-content\/uploads\/2024\/06\/0361c0_2ada2ca91eea47c09335bcfa9177d833mv2.jpg\" title=\"\" data-rl_title=\"\" class=\"rl-gallery-link\" data-rl_caption=\"\" data-rel=\"lightbox-gallery-1\"><img loading=\"lazy\" decoding=\"async\" src=\"https:\/\/www.stefanweninger.com\/wp-blog\/wp-content\/uploads\/2024\/06\/0361c0_2ada2ca91eea47c09335bcfa9177d833mv2.jpg\" width=\"697\" height=\"462\" alt=\"\"\/><\/a><\/div><div class=\"rl-gallery-item\"><a href=\"https:\/\/www.stefanweninger.com\/wp-blog\/wp-content\/uploads\/2024\/06\/0361c0_f427b2af68ae4a42a4e57c32ffa5d788mv2.jpg\" title=\"\" data-rl_title=\"\" class=\"rl-gallery-link\" data-rl_caption=\"\" data-rel=\"lightbox-gallery-1\"><img loading=\"lazy\" decoding=\"async\" src=\"https:\/\/www.stefanweninger.com\/wp-blog\/wp-content\/uploads\/2024\/06\/0361c0_f427b2af68ae4a42a4e57c32ffa5d788mv2.jpg\" width=\"697\" height=\"462\" alt=\"\"\/><\/a><\/div><div class=\"rl-gallery-item\"><a href=\"https:\/\/www.stefanweninger.com\/wp-blog\/wp-content\/uploads\/2024\/06\/0361c0_d19cd17edf9c4b31b6e0ec9bcdc77e7emv2.jpg\" title=\"\" data-rl_title=\"\" class=\"rl-gallery-link\" data-rl_caption=\"\" data-rel=\"lightbox-gallery-1\"><img loading=\"lazy\" decoding=\"async\" src=\"https:\/\/www.stefanweninger.com\/wp-blog\/wp-content\/uploads\/2024\/06\/0361c0_d19cd17edf9c4b31b6e0ec9bcdc77e7emv2.jpg\" width=\"697\" height=\"462\" alt=\"\"\/><\/a><\/div><div class=\"rl-gallery-item\"><a href=\"https:\/\/www.stefanweninger.com\/wp-blog\/wp-content\/uploads\/2024\/06\/0361c0_517c392d4f6d42f4993d8f3f617a0c58mv2.jpg\" title=\"\" data-rl_title=\"\" class=\"rl-gallery-link\" data-rl_caption=\"\" data-rel=\"lightbox-gallery-1\"><img loading=\"lazy\" decoding=\"async\" src=\"https:\/\/www.stefanweninger.com\/wp-blog\/wp-content\/uploads\/2024\/06\/0361c0_517c392d4f6d42f4993d8f3f617a0c58mv2.jpg\" width=\"697\" height=\"462\" alt=\"\"\/><\/a><\/div><div class=\"rl-gallery-item\"><a href=\"https:\/\/www.stefanweninger.com\/wp-blog\/wp-content\/uploads\/2024\/06\/0361c0_5a959f0f50054ec892bba63a85fd1a14mv2.jpg\" title=\"\" data-rl_title=\"\" class=\"rl-gallery-link\" data-rl_caption=\"\" data-rel=\"lightbox-gallery-1\"><img loading=\"lazy\" decoding=\"async\" src=\"https:\/\/www.stefanweninger.com\/wp-blog\/wp-content\/uploads\/2024\/06\/0361c0_5a959f0f50054ec892bba63a85fd1a14mv2.jpg\" width=\"697\" height=\"462\" alt=\"\"\/><\/a><\/div><div class=\"rl-gallery-item\"><a href=\"https:\/\/www.stefanweninger.com\/wp-blog\/wp-content\/uploads\/2024\/06\/DavidPujadoBartcelona.jpg\" title=\"\" data-rl_title=\"\" class=\"rl-gallery-link\" data-rl_caption=\"\" data-rel=\"lightbox-gallery-1\"><img loading=\"lazy\" decoding=\"async\" src=\"https:\/\/www.stefanweninger.com\/wp-blog\/wp-content\/uploads\/2024\/06\/DavidPujadoBartcelona-768x518.jpg\" width=\"768\" height=\"518\" alt=\"\"\/><\/a><\/div> <\/div> <\/div><\/div>\n\n\n\n<div style=\"height:100px\" aria-hidden=\"true\" class=\"wp-block-spacer\"><\/div>\n\n\n\n<p><strong>UNDERWORLD JOURNEYS \/ The Bizarre World of Fashion im Rahmen des TAKE FESTIVAL in Wien von 25. bis 29. April 2017.<\/strong><\/p>\n\n\n\n<div class=\"wp-block-responsive-lightbox-gallery\"><div class=\"rl-gallery-container rl-loading\" id=\"rl-gallery-container-2\" data-gallery_id=\"705\"> <div class=\"rl-gallery rl-basicgrid-gallery \" id=\"rl-gallery-2\" data-gallery_no=\"2\"> <div class=\"rl-gallery-item\"><a href=\"https:\/\/www.stefanweninger.com\/wp-blog\/wp-content\/uploads\/2022\/12\/Stefan-Weninger-1-scaled.jpg\" title=\"\" data-rl_title=\"\" class=\"rl-gallery-link\" data-rl_caption=\"\" data-rel=\"lightbox-gallery-2\"><img loading=\"lazy\" decoding=\"async\" src=\"https:\/\/www.stefanweninger.com\/wp-blog\/wp-content\/uploads\/2022\/12\/Stefan-Weninger-1-768x576.jpg\" width=\"768\" height=\"576\" alt=\"\"\/><\/a><\/div><div class=\"rl-gallery-item\"><a href=\"https:\/\/www.stefanweninger.com\/wp-blog\/wp-content\/uploads\/2022\/12\/ExhibitionViewUnderworldJourneys-2.jpg\" title=\"\" data-rl_title=\"\" class=\"rl-gallery-link\" data-rl_caption=\"\" data-rel=\"lightbox-gallery-2\"><img loading=\"lazy\" decoding=\"async\" src=\"https:\/\/www.stefanweninger.com\/wp-blog\/wp-content\/uploads\/2022\/12\/ExhibitionViewUnderworldJourneys-2-768x520.jpg\" width=\"768\" height=\"520\" alt=\"\"\/><\/a><\/div><div class=\"rl-gallery-item\"><a href=\"https:\/\/www.stefanweninger.com\/wp-blog\/wp-content\/uploads\/2022\/12\/ExhibitionViewUnderworldJourneys-1.jpg\" title=\"\" data-rl_title=\"\" class=\"rl-gallery-link\" data-rl_caption=\"\" data-rel=\"lightbox-gallery-2\"><img loading=\"lazy\" decoding=\"async\" src=\"https:\/\/www.stefanweninger.com\/wp-blog\/wp-content\/uploads\/2022\/12\/ExhibitionViewUnderworldJourneys-1-768x521.jpg\" width=\"768\" height=\"521\" alt=\"\"\/><\/a><\/div><div class=\"rl-gallery-item\"><a href=\"https:\/\/www.stefanweninger.com\/wp-blog\/wp-content\/uploads\/2022\/12\/UnderworldJourneysKarte-scaled.jpg\" title=\"\" data-rl_title=\"\" class=\"rl-gallery-link\" data-rl_caption=\"\" data-rel=\"lightbox-gallery-2\"><img loading=\"lazy\" decoding=\"async\" src=\"https:\/\/www.stefanweninger.com\/wp-blog\/wp-content\/uploads\/2022\/12\/UnderworldJourneysKarte-768x1024.jpg\" width=\"768\" height=\"1024\" alt=\"\"\/><\/a><\/div> <\/div> <\/div><\/div>\n\n\n\n<p>Fotografie (handmade C-Print) &#8222;The last white buffalo&#8220; aus der Serie &#8222;Portrait Unten&#8220;, 30.5 x 30.5 cm, gerahmt.<\/p>\n\n\n\n<p>Gezeigt im Rahmen des &#8222;Take Festivals&#8220; in Wien, vom 25. bis 29. April 2017 in der Ausstellung &#8222;The Bizarre World of Fashion&#8220;, welche Ursula Guttmann kuratiert hat.<\/p>\n","protected":false},"excerpt":{"rendered":"<p>DRAUSSEN in der Galerie der Kunstschaffenden im O\u00d6 Kulturquartier, Linz von 29. November bis 21. Dezember 2022. Fotografie (handmade C-Print) &#8222;Haus aus \u00c4sten&#8220;, 30.5 x 30.5 cm, gerahmt. SCHNITT + MONTAGE in der Galerie der Kunstschaffenden im O\u00d6 Kulturquartier, Linz von 28. Juni bis 15. Juli 2022 Fotografie (handmade Gelatin Silver Print) &#8222;Deike mit Lichtquadraten&#8220;, [&hellip;]<\/p>\n","protected":false},"author":1,"featured_media":0,"parent":0,"menu_order":0,"comment_status":"closed","ping_status":"closed","template":"","meta":{"footnotes":""},"class_list":["post-646","page","type-page","status-publish","hentry"],"_links":{"self":[{"href":"https:\/\/www.stefanweninger.com\/wp-blog\/wp-json\/wp\/v2\/pages\/646","targetHints":{"allow":["GET"]}}],"collection":[{"href":"https:\/\/www.stefanweninger.com\/wp-blog\/wp-json\/wp\/v2\/pages"}],"about":[{"href":"https:\/\/www.stefanweninger.com\/wp-blog\/wp-json\/wp\/v2\/types\/page"}],"author":[{"embeddable":true,"href":"https:\/\/www.stefanweninger.com\/wp-blog\/wp-json\/wp\/v2\/users\/1"}],"replies":[{"embeddable":true,"href":"https:\/\/www.stefanweninger.com\/wp-blog\/wp-json\/wp\/v2\/comments?post=646"}],"version-history":[{"count":41,"href":"https:\/\/www.stefanweninger.com\/wp-blog\/wp-json\/wp\/v2\/pages\/646\/revisions"}],"predecessor-version":[{"id":1176,"href":"https:\/\/www.stefanweninger.com\/wp-blog\/wp-json\/wp\/v2\/pages\/646\/revisions\/1176"}],"wp:attachment":[{"href":"https:\/\/www.stefanweninger.com\/wp-blog\/wp-json\/wp\/v2\/media?parent=646"}],"curies":[{"name":"wp","href":"https:\/\/api.w.org\/{rel}","templated":true}]}}